{"id":1022,"date":"2026-01-29T10:47:08","date_gmt":"2026-01-29T09:47:08","guid":{"rendered":"https:\/\/letangdescigales.com\/?page_id=1022"},"modified":"2026-02-11T18:04:08","modified_gmt":"2026-02-11T17:04:08","slug":"agenda","status":"publish","type":"page","link":"https:\/\/letangdescigales.com\/?page_id=1022","title":{"rendered":"Agenda"},"content":{"rendered":"\t\t<div data-elementor-type=\"wp-page\" data-elementor-id=\"1022\" class=\"elementor elementor-1022\">\n\t\t\t\t<div class=\"elementor-element elementor-element-f2d0106 e-flex e-con-boxed wpr-particle-no wpr-jarallax-no wpr-parallax-no wpr-sticky-section-no wpr-equal-height-no e-con e-parent\" data-id=\"f2d0106\" data-element_type=\"container\" data-e-type=\"container\" data-settings=\"{&quot;background_background&quot;:&quot;slideshow&quot;,&quot;background_slideshow_gallery&quot;:[{&quot;id&quot;:676,&quot;url&quot;:&quot;https:\\\/\\\/letangdescigales.com\\\/wp-content\\\/uploads\\\/2023\\\/07\\\/WhatsApp-Image-2023-07-12-at-16.59.27.jpeg&quot;}],&quot;background_slideshow_loop&quot;:&quot;yes&quot;,&quot;background_slideshow_slide_duration&quot;:5000,&quot;background_slideshow_slide_transition&quot;:&quot;fade&quot;,&quot;background_slideshow_transition_duration&quot;:500}\">\n\t\t\t\t\t<div class=\"e-con-inner\">\n\t\t\t\t<div class=\"elementor-element elementor-element-19d9965 elementor-widget elementor-widget-page-title\" data-id=\"19d9965\" data-element_type=\"widget\" data-e-type=\"widget\" data-settings=\"{&quot;align&quot;:&quot;center&quot;}\" data-widget_type=\"page-title.default\">\n\t\t\t\t<div class=\"elementor-widget-container\">\n\t\t\t\t\t\t\t\n\t\t<div class=\"hfe-page-title hfe-page-title-wrapper elementor-widget-heading\">\n\n\t\t\t\t\t\t\t\t\t\t\t<a href=\"https:\/\/letangdescigales.com\">\n\t\t\t\t\t\t<h2 class=\"elementor-heading-title elementor-size-default\">\n\t\t\t\t\t\t\t\t\n\t\t\t\tAgenda  \n\t\t\t<\/h2 > \n\t\t\t\t\t\t\t\t\t<\/a>\n\t\t\t\t\t<\/div>\n\t\t\t\t\t\t<\/div>\n\t\t\t\t<\/div>\n\t\t\t\t\t<\/div>\n\t\t\t\t<\/div>\n\t\t<div class=\"elementor-element elementor-element-c242e45 e-flex e-con-boxed wpr-particle-no wpr-jarallax-no wpr-parallax-no wpr-sticky-section-no wpr-equal-height-no e-con e-parent\" data-id=\"c242e45\" data-element_type=\"container\" data-e-type=\"container\">\n\t\t\t\t\t<div class=\"e-con-inner\">\n\t\t\t\t<div class=\"elementor-element elementor-element-3c0b9df elementor-grid-eael-col-3 elementor-grid-tablet-eael-col-2 elementor-grid-mobile-eael-col-1 elementor-widget elementor-widget-eael-post-grid\" data-id=\"3c0b9df\" data-element_type=\"widget\" data-e-type=\"widget\" data-settings=\"{&quot;eael_post_grid_columns&quot;:&quot;eael-col-3&quot;,&quot;eael_post_grid_columns_tablet&quot;:&quot;eael-col-2&quot;,&quot;eael_post_grid_columns_mobile&quot;:&quot;eael-col-1&quot;}\" data-widget_type=\"eael-post-grid.default\">\n\t\t\t\t<div class=\"elementor-widget-container\">\n\t\t\t\t\t<div id=\"eael-post-grid-3c0b9df\" class=\"eael-post-grid-container\">\n            <div class=\"eael-post-grid eael-post-appender eael-post-appender-3c0b9df eael-post-grid-style-one\" data-layout-mode=\"grid\"><article class=\"eael-grid-post  eael-post-grid-column eael-pg-post-1093 category-non-classe\" data-id=\"1093\">\n        <div class=\"eael-grid-post-holder\">\n            <div class=\"eael-grid-post-holder-inner\"><div class=\"eael-entry-media\"><div class=\"eael-entry-overlay fade-in\"><i class=\"fas fa-long-arrow-alt-right\" aria-hidden=\"true\"><\/i><a href=\"https:\/\/letangdescigales.com\/?p=1093\"><\/a><\/div><div class=\"eael-entry-thumbnail eael-image-ratio\">\n                <img fetchpriority=\"high\" decoding=\"async\" width=\"636\" height=\"900\" src=\"https:\/\/letangdescigales.com\/wp-content\/uploads\/2026\/02\/etang-des-cigales-uchaux-retraite-originelle-jessica-ricotta-avril-2026.jpg\" class=\"attachment-large size-large wp-image-1090\" alt=\"Retraite spirituelle f\u00e9minine \u00e0 L\u2019\u00c9tang des Cigales \u00e0 Uchaux dans le Vaucluse\" srcset=\"https:\/\/letangdescigales.com\/wp-content\/uploads\/2026\/02\/etang-des-cigales-uchaux-retraite-originelle-jessica-ricotta-avril-2026.jpg 636w, https:\/\/letangdescigales.com\/wp-content\/uploads\/2026\/02\/etang-des-cigales-uchaux-retraite-originelle-jessica-ricotta-avril-2026-212x300.jpg 212w\" sizes=\"(max-width: 636px) 100vw, 636px\" \/>\n            <\/div>\n        <\/div><div class=\"eael-entry-wrapper\"><header class=\"eael-entry-header\"><h2 class=\"eael-entry-title\"><a class=\"eael-grid-post-link\" href=\"https:\/\/letangdescigales.com\/?p=1093\" title=\"17-19 Avril 2026 &#8211; Retraite Originelle : une retraite spirituelle f\u00e9minine \u00e0 L\u2019\u00c9tang des Cigales\">17-19 Avril 2026 &#8211; Retraite Originelle : une retraite spirituelle f\u00e9minine \u00e0 L\u2019\u00c9tang des Cigales<\/a><\/h2><\/header><div class=\"eael-entry-content\">\n                        <div class=\"eael-grid-post-excerpt\"><p>17-19 Avril 2026 &#8211; Retraite Originelle : une retraite spirituelle...<\/p><a href=\"https:\/\/letangdescigales.com\/?p=1093\" class=\"eael-post-elements-readmore-btn\">Lire la suite<\/a><\/div>\n                    <\/div><\/div><\/div>\n        <\/div>\n    <\/article><article class=\"eael-grid-post  eael-post-grid-column eael-pg-post-1249 category-non-classe\" data-id=\"1249\">\n        <div class=\"eael-grid-post-holder\">\n            <div class=\"eael-grid-post-holder-inner\"><div class=\"eael-entry-media\"><div class=\"eael-entry-overlay fade-in\"><i class=\"fas fa-long-arrow-alt-right\" aria-hidden=\"true\"><\/i><a href=\"https:\/\/letangdescigales.com\/?p=1249\"><\/a><\/div><div class=\"eael-entry-thumbnail eael-image-ratio\">\n                <img decoding=\"async\" width=\"643\" height=\"900\" src=\"https:\/\/letangdescigales.com\/wp-content\/uploads\/2025\/04\/20260426-journee-detox-sylvotherapie-yoga-bain-sonore-1.jpg\" class=\"attachment-large size-large wp-image-1254\" alt=\"Pratique de yoga Kundalini, Sylvoth\u00e9rapie et bain sonore pendant une journ\u00e9e bien-\u00eatre \u00e0 Uchaux\" srcset=\"https:\/\/letangdescigales.com\/wp-content\/uploads\/2025\/04\/20260426-journee-detox-sylvotherapie-yoga-bain-sonore-1.jpg 643w, https:\/\/letangdescigales.com\/wp-content\/uploads\/2025\/04\/20260426-journee-detox-sylvotherapie-yoga-bain-sonore-1-214x300.jpg 214w\" sizes=\"(max-width: 643px) 100vw, 643px\" \/>\n            <\/div>\n        <\/div><div class=\"eael-entry-wrapper\"><header class=\"eael-entry-header\"><h2 class=\"eael-entry-title\"><a class=\"eael-grid-post-link\" href=\"https:\/\/letangdescigales.com\/?p=1249\" title=\"26 avril &#8211; Journ\u00e9e D\u00e9tox \u2013 Sylvoth\u00e9rapie, Yoga Kundalini &#038; Bain sonore \u00e0 Uchaux\">26 avril &#8211; Journ\u00e9e D\u00e9tox \u2013 Sylvoth\u00e9rapie, Yoga Kundalini &#038; Bain sonore \u00e0 Uchaux<\/a><\/h2><\/header><div class=\"eael-entry-content\">\n                        <div class=\"eael-grid-post-excerpt\"><p>26 avril &#8211; Journ\u00e9e D\u00e9tox \u2013 Sylvoth\u00e9rapie, Yoga Kundalini &#038;...<\/p><a href=\"https:\/\/letangdescigales.com\/?p=1249\" class=\"eael-post-elements-readmore-btn\">Lire la suite<\/a><\/div>\n                    <\/div><\/div><\/div>\n        <\/div>\n    <\/article><article class=\"eael-grid-post  eael-post-grid-column eael-pg-post-1300 category-non-classe\" data-id=\"1300\">\n        <div class=\"eael-grid-post-holder\">\n            <div class=\"eael-grid-post-holder-inner\"><div class=\"eael-entry-media\"><div class=\"eael-entry-overlay fade-in\"><i class=\"fas fa-long-arrow-alt-right\" aria-hidden=\"true\"><\/i><a href=\"https:\/\/letangdescigales.com\/?p=1300\"><\/a><\/div><div class=\"eael-entry-thumbnail eael-image-ratio\">\n                <img decoding=\"async\" width=\"800\" height=\"534\" src=\"https:\/\/letangdescigales.com\/wp-content\/uploads\/2026\/04\/05-mai-2026-immersions-du-cocon-etang-des-cigales-uchaux-1024x683.jpg\" class=\"attachment-large size-large wp-image-1301\" alt=\"Journ\u00e9e yoga Uchaux nature bien-\u00eatre relaxation\" srcset=\"https:\/\/letangdescigales.com\/wp-content\/uploads\/2026\/04\/05-mai-2026-immersions-du-cocon-etang-des-cigales-uchaux-1024x683.jpg 1024w, https:\/\/letangdescigales.com\/wp-content\/uploads\/2026\/04\/05-mai-2026-immersions-du-cocon-etang-des-cigales-uchaux-300x200.jpg 300w, https:\/\/letangdescigales.com\/wp-content\/uploads\/2026\/04\/05-mai-2026-immersions-du-cocon-etang-des-cigales-uchaux-768x512.jpg 768w, https:\/\/letangdescigales.com\/wp-content\/uploads\/2026\/04\/05-mai-2026-immersions-du-cocon-etang-des-cigales-uchaux.jpg 1350w\" sizes=\"(max-width: 800px) 100vw, 800px\" \/>\n            <\/div>\n        <\/div><div class=\"eael-entry-wrapper\"><header class=\"eael-entry-header\"><h2 class=\"eael-entry-title\"><a class=\"eael-grid-post-link\" href=\"https:\/\/letangdescigales.com\/?p=1300\" title=\"8 mai &#8211; Journ\u00e9e lumi\u00e8re yoga \u00e0 Uchaux : une immersion bien-\u00eatre au c\u0153ur de la nature\">8 mai &#8211; Journ\u00e9e lumi\u00e8re yoga \u00e0 Uchaux : une immersion bien-\u00eatre au c\u0153ur de la nature<\/a><\/h2><\/header><div class=\"eael-entry-content\">\n                        <div class=\"eael-grid-post-excerpt\"><p>8 mai &#8211; Journ\u00e9e lumi\u00e8re yoga \u00e0 Uchaux : une...<\/p><a href=\"https:\/\/letangdescigales.com\/?p=1300\" class=\"eael-post-elements-readmore-btn\">Lire la suite<\/a><\/div>\n                    <\/div><\/div><\/div>\n        <\/div>\n    <\/article><article class=\"eael-grid-post  eael-post-grid-column eael-pg-post-1119 category-non-classe\" data-id=\"1119\">\n        <div class=\"eael-grid-post-holder\">\n            <div class=\"eael-grid-post-holder-inner\"><div class=\"eael-entry-media\"><div class=\"eael-entry-overlay fade-in\"><i class=\"fas fa-long-arrow-alt-right\" aria-hidden=\"true\"><\/i><a href=\"https:\/\/letangdescigales.com\/?p=1119\"><\/a><\/div><div class=\"eael-entry-thumbnail eael-image-ratio\">\n                <img loading=\"lazy\" decoding=\"async\" width=\"636\" height=\"900\" src=\"https:\/\/letangdescigales.com\/wp-content\/uploads\/2026\/02\/etang-des-cigales-uchaux-stage-eve-de-l-epinois-mai-2026.jpg\" class=\"attachment-large size-large wp-image-1091\" alt=\"Programme du stage bien-\u00eatre l\u2019esprit libre corps l\u00e9ger \u00e0 l\u2019\u00e9tang des cigales uchaux\" srcset=\"https:\/\/letangdescigales.com\/wp-content\/uploads\/2026\/02\/etang-des-cigales-uchaux-stage-eve-de-l-epinois-mai-2026.jpg 636w, https:\/\/letangdescigales.com\/wp-content\/uploads\/2026\/02\/etang-des-cigales-uchaux-stage-eve-de-l-epinois-mai-2026-212x300.jpg 212w\" sizes=\"(max-width: 636px) 100vw, 636px\" \/>\n            <\/div>\n        <\/div><div class=\"eael-entry-wrapper\"><header class=\"eael-entry-header\"><h2 class=\"eael-entry-title\"><a class=\"eael-grid-post-link\" href=\"https:\/\/letangdescigales.com\/?p=1119\" title=\"22-25 Mai 2026 &#8211; Stage bien-\u00eatre \u00ab L\u2019esprit libre, corps l\u00e9ger \u00bb \u00e0 L\u2019\u00c9tang des Cigales\">22-25 Mai 2026 &#8211; Stage bien-\u00eatre \u00ab L\u2019esprit libre, corps l\u00e9ger \u00bb \u00e0 L\u2019\u00c9tang des Cigales<\/a><\/h2><\/header><div class=\"eael-entry-content\">\n                        <div class=\"eael-grid-post-excerpt\"><p>22-25 Mai 2026 &#8211; Stage bien-\u00eatre \u00ab L\u2019esprit libre, corps...<\/p><a href=\"https:\/\/letangdescigales.com\/?p=1119\" class=\"eael-post-elements-readmore-btn\">Lire la suite<\/a><\/div>\n                    <\/div><\/div><\/div>\n        <\/div>\n    <\/article><article class=\"eael-grid-post  eael-post-grid-column eael-pg-post-1239 category-non-classe\" data-id=\"1239\">\n        <div class=\"eael-grid-post-holder\">\n            <div class=\"eael-grid-post-holder-inner\"><div class=\"eael-entry-media\"><div class=\"eael-entry-overlay fade-in\"><i class=\"fas fa-long-arrow-alt-right\" aria-hidden=\"true\"><\/i><a href=\"https:\/\/letangdescigales.com\/?p=1239\"><\/a><\/div><div class=\"eael-entry-thumbnail eael-image-ratio\">\n                <img loading=\"lazy\" decoding=\"async\" width=\"800\" height=\"800\" src=\"https:\/\/letangdescigales.com\/wp-content\/uploads\/2025\/06\/20260605-Respire-avec-les-cigales-5-7-juin.jpg\" class=\"attachment-large size-large wp-image-1241\" alt=\"s\u00e9ance de yoga en plein air au lever du soleil \u00e0 L\u2019\u00c9tang des Cigales en juin\" srcset=\"https:\/\/letangdescigales.com\/wp-content\/uploads\/2025\/06\/20260605-Respire-avec-les-cigales-5-7-juin.jpg 900w, https:\/\/letangdescigales.com\/wp-content\/uploads\/2025\/06\/20260605-Respire-avec-les-cigales-5-7-juin-300x300.jpg 300w, https:\/\/letangdescigales.com\/wp-content\/uploads\/2025\/06\/20260605-Respire-avec-les-cigales-5-7-juin-150x150.jpg 150w, https:\/\/letangdescigales.com\/wp-content\/uploads\/2025\/06\/20260605-Respire-avec-les-cigales-5-7-juin-768x768.jpg 768w\" sizes=\"(max-width: 800px) 100vw, 800px\" \/>\n            <\/div>\n        <\/div><div class=\"eael-entry-wrapper\"><header class=\"eael-entry-header\"><h2 class=\"eael-entry-title\"><a class=\"eael-grid-post-link\" href=\"https:\/\/letangdescigales.com\/?p=1239\" title=\"05 au 07 juin &#8211; Week-end Yoga \u00e0 L\u2019\u00c9tang des Cigales : ralentir et profiter du soleil en juin\">05 au 07 juin &#8211; Week-end Yoga \u00e0 L\u2019\u00c9tang des Cigales : ralentir et profiter du soleil en juin<\/a><\/h2><\/header><div class=\"eael-entry-content\">\n                        <div class=\"eael-grid-post-excerpt\"><p>05 au 07 juin &#8211; Week-end Yoga \u00e0 L\u2019\u00c9tang des...<\/p><a href=\"https:\/\/letangdescigales.com\/?p=1239\" class=\"eael-post-elements-readmore-btn\">Lire la suite<\/a><\/div>\n                    <\/div><\/div><\/div>\n        <\/div>\n    <\/article><article class=\"eael-grid-post  eael-post-grid-column eael-pg-post-1149 category-non-classe\" data-id=\"1149\">\n        <div class=\"eael-grid-post-holder\">\n            <div class=\"eael-grid-post-holder-inner\"><div class=\"eael-entry-media\"><div class=\"eael-entry-overlay fade-in\"><i class=\"fas fa-long-arrow-alt-right\" aria-hidden=\"true\"><\/i><a href=\"https:\/\/letangdescigales.com\/?p=1149\"><\/a><\/div><div class=\"eael-entry-thumbnail eael-image-ratio\">\n                <img loading=\"lazy\" decoding=\"async\" width=\"630\" height=\"900\" src=\"https:\/\/letangdescigales.com\/wp-content\/uploads\/2026\/02\/8-12-juin-2026-sejour-bien-etre-entre-vaucluse-et-drome-provencale-l-etang-des-cigales-06.jpg\" class=\"attachment-large size-large wp-image-1155\" alt=\"Du 8 au 12 juin : S\u00e9jour culinaire et bien-\u00eatre en pleine nature entre Vaucluse et Dr\u00f4me proven\u00e7ale\" srcset=\"https:\/\/letangdescigales.com\/wp-content\/uploads\/2026\/02\/8-12-juin-2026-sejour-bien-etre-entre-vaucluse-et-drome-provencale-l-etang-des-cigales-06.jpg 630w, https:\/\/letangdescigales.com\/wp-content\/uploads\/2026\/02\/8-12-juin-2026-sejour-bien-etre-entre-vaucluse-et-drome-provencale-l-etang-des-cigales-06-210x300.jpg 210w\" sizes=\"(max-width: 630px) 100vw, 630px\" \/>\n            <\/div>\n        <\/div><div class=\"eael-entry-wrapper\"><header class=\"eael-entry-header\"><h2 class=\"eael-entry-title\"><a class=\"eael-grid-post-link\" href=\"https:\/\/letangdescigales.com\/?p=1149\" title=\"8 au 12 juin &#8211; S\u00e9jour culinaire et bien-\u00eatre \u00e0 L\u2019\u00c9tang des Cigales\">8 au 12 juin &#8211; S\u00e9jour culinaire et bien-\u00eatre \u00e0 L\u2019\u00c9tang des Cigales<\/a><\/h2><\/header><div class=\"eael-entry-content\">\n                        <div class=\"eael-grid-post-excerpt\"><p>8 au 12 juin &#8211; S\u00e9jour culinaire et bien-\u00eatre \u00e0...<\/p><a href=\"https:\/\/letangdescigales.com\/?p=1149\" class=\"eael-post-elements-readmore-btn\">Lire la suite<\/a><\/div>\n                    <\/div><\/div><\/div>\n        <\/div>\n    <\/article><article class=\"eael-grid-post  eael-post-grid-column eael-pg-post-1183 category-non-classe\" data-id=\"1183\">\n        <div class=\"eael-grid-post-holder\">\n            <div class=\"eael-grid-post-holder-inner\"><div class=\"eael-entry-media\"><div class=\"eael-entry-overlay fade-in\"><i class=\"fas fa-long-arrow-alt-right\" aria-hidden=\"true\"><\/i><a href=\"https:\/\/letangdescigales.com\/?p=1183\"><\/a><\/div><div class=\"eael-entry-thumbnail eael-image-ratio\">\n                <img loading=\"lazy\" decoding=\"async\" width=\"452\" height=\"640\" src=\"https:\/\/letangdescigales.com\/wp-content\/uploads\/2026\/02\/sejour-yoga-bien-etre-uchaux-provence-12-au-14-juin-2026.jpg\" class=\"attachment-large size-large wp-image-1184\" alt=\"S\u00e9jour yoga bien-\u00eatre Uchaux du 12 au 14 juin 2026 \u00e0 L\u2019\u00c9tang des Cigales en Provence\" srcset=\"https:\/\/letangdescigales.com\/wp-content\/uploads\/2026\/02\/sejour-yoga-bien-etre-uchaux-provence-12-au-14-juin-2026.jpg 452w, https:\/\/letangdescigales.com\/wp-content\/uploads\/2026\/02\/sejour-yoga-bien-etre-uchaux-provence-12-au-14-juin-2026-212x300.jpg 212w\" sizes=\"(max-width: 452px) 100vw, 452px\" \/>\n            <\/div>\n        <\/div><div class=\"eael-entry-wrapper\"><header class=\"eael-entry-header\"><h2 class=\"eael-entry-title\"><a class=\"eael-grid-post-link\" href=\"https:\/\/letangdescigales.com\/?p=1183\" title=\"12 au 14 juin &#8211; S\u00e9jour yoga bien-\u00eatre \u00e0 Uchaux en Provence\">12 au 14 juin &#8211; S\u00e9jour yoga bien-\u00eatre \u00e0 Uchaux en Provence<\/a><\/h2><\/header><div class=\"eael-entry-content\">\n                        <div class=\"eael-grid-post-excerpt\"><p>12 au 14 juin &#8211; S\u00e9jour yoga bien-\u00eatre \u00e0 Uchaux...<\/p><a href=\"https:\/\/letangdescigales.com\/?p=1183\" class=\"eael-post-elements-readmore-btn\">Lire la suite<\/a><\/div>\n                    <\/div><\/div><\/div>\n        <\/div>\n    <\/article><article class=\"eael-grid-post  eael-post-grid-column eael-pg-post-1128 category-non-classe\" data-id=\"1128\">\n        <div class=\"eael-grid-post-holder\">\n            <div class=\"eael-grid-post-holder-inner\"><div class=\"eael-entry-media\"><div class=\"eael-entry-overlay fade-in\"><i class=\"fas fa-long-arrow-alt-right\" aria-hidden=\"true\"><\/i><a href=\"https:\/\/letangdescigales.com\/?p=1128\"><\/a><\/div><div class=\"eael-entry-thumbnail eael-image-ratio\">\n                <img loading=\"lazy\" decoding=\"async\" width=\"411\" height=\"412\" src=\"https:\/\/letangdescigales.com\/wp-content\/uploads\/2026\/02\/Retraite-yoga-Planning-26-29-juin.jpg\" class=\"attachment-large size-large wp-image-1182\" alt=\"Retraite yoga en pleine nature \u00e0 L\u2019\u00c9tang des Cigales\" srcset=\"https:\/\/letangdescigales.com\/wp-content\/uploads\/2026\/02\/Retraite-yoga-Planning-26-29-juin.jpg 411w, https:\/\/letangdescigales.com\/wp-content\/uploads\/2026\/02\/Retraite-yoga-Planning-26-29-juin-300x300.jpg 300w, https:\/\/letangdescigales.com\/wp-content\/uploads\/2026\/02\/Retraite-yoga-Planning-26-29-juin-150x150.jpg 150w\" sizes=\"(max-width: 411px) 100vw, 411px\" \/>\n            <\/div>\n        <\/div><div class=\"eael-entry-wrapper\"><header class=\"eael-entry-header\"><h2 class=\"eael-entry-title\"><a class=\"eael-grid-post-link\" href=\"https:\/\/letangdescigales.com\/?p=1128\" title=\"26 au 29 juin &#8211; Retraite Yoga d\u2019\u00e9t\u00e9 en Provence : Accueillir la lumi\u00e8re\">26 au 29 juin &#8211; Retraite Yoga d\u2019\u00e9t\u00e9 en Provence : Accueillir la lumi\u00e8re<\/a><\/h2><\/header><div class=\"eael-entry-content\">\n                        <div class=\"eael-grid-post-excerpt\"><p>26 au 29 juin &#8211; Retraite Yoga d\u2019\u00e9t\u00e9 en Provence...<\/p><a href=\"https:\/\/letangdescigales.com\/?p=1128\" class=\"eael-post-elements-readmore-btn\">Lire la suite<\/a><\/div>\n                    <\/div><\/div><\/div>\n        <\/div>\n    <\/article><article class=\"eael-grid-post  eael-post-grid-column eael-pg-post-1227 category-non-classe\" data-id=\"1227\">\n        <div class=\"eael-grid-post-holder\">\n            <div class=\"eael-grid-post-holder-inner\"><div class=\"eael-entry-media\"><div class=\"eael-entry-overlay fade-in\"><i class=\"fas fa-long-arrow-alt-right\" aria-hidden=\"true\"><\/i><a href=\"https:\/\/letangdescigales.com\/?p=1227\"><\/a><\/div><div class=\"eael-entry-thumbnail eael-image-ratio\">\n                <img loading=\"lazy\" decoding=\"async\" width=\"800\" height=\"566\" src=\"https:\/\/letangdescigales.com\/wp-content\/uploads\/2025\/07\/20260702-sorora-retraite-feminine-2-au-5-juillet-2026-1-1024x724.jpg\" class=\"attachment-large size-large wp-image-1229\" alt=\"retraite f\u00e9minine Soror\u2019A \u00e0 Uchaux juillet 2026 constellations familiales et sororit\u00e9\" srcset=\"https:\/\/letangdescigales.com\/wp-content\/uploads\/2025\/07\/20260702-sorora-retraite-feminine-2-au-5-juillet-2026-1-1024x724.jpg 1024w, https:\/\/letangdescigales.com\/wp-content\/uploads\/2025\/07\/20260702-sorora-retraite-feminine-2-au-5-juillet-2026-1-300x212.jpg 300w, https:\/\/letangdescigales.com\/wp-content\/uploads\/2025\/07\/20260702-sorora-retraite-feminine-2-au-5-juillet-2026-1-768x543.jpg 768w, https:\/\/letangdescigales.com\/wp-content\/uploads\/2025\/07\/20260702-sorora-retraite-feminine-2-au-5-juillet-2026-1.jpg 1273w\" sizes=\"(max-width: 800px) 100vw, 800px\" \/>\n            <\/div>\n        <\/div><div class=\"eael-entry-wrapper\"><header class=\"eael-entry-header\"><h2 class=\"eael-entry-title\"><a class=\"eael-grid-post-link\" href=\"https:\/\/letangdescigales.com\/?p=1227\" title=\"2 au 5 juillet &#8211; Retraite f\u00e9minine Soror\u2019A \u00e0 Uchaux\">2 au 5 juillet &#8211; Retraite f\u00e9minine Soror\u2019A \u00e0 Uchaux<\/a><\/h2><\/header><div class=\"eael-entry-content\">\n                        <div class=\"eael-grid-post-excerpt\"><p>Retraite f\u00e9minine Soror\u2019A du 2 au 5 juillet 2026 \u00e0...<\/p><a href=\"https:\/\/letangdescigales.com\/?p=1227\" class=\"eael-post-elements-readmore-btn\">Lire la suite<\/a><\/div>\n                    <\/div><\/div><\/div>\n        <\/div>\n    <\/article><article class=\"eael-grid-post  eael-post-grid-column eael-pg-post-1284 category-non-classe\" data-id=\"1284\">\n        <div class=\"eael-grid-post-holder\">\n            <div class=\"eael-grid-post-holder-inner\"><div class=\"eael-entry-media\"><div class=\"eael-entry-overlay fade-in\"><i class=\"fas fa-long-arrow-alt-right\" aria-hidden=\"true\"><\/i><a href=\"https:\/\/letangdescigales.com\/?p=1284\"><\/a><\/div><div class=\"eael-entry-thumbnail eael-image-ratio\">\n                <img loading=\"lazy\" decoding=\"async\" width=\"728\" height=\"1024\" src=\"https:\/\/letangdescigales.com\/wp-content\/uploads\/2026\/04\/20260910-satcitananda-10-13-septembre-2026-01-728x1024.jpg\" class=\"attachment-large size-large wp-image-1286\" alt=\"S\u00e9ance de yoga en pleine nature \u00e0 l\u2019\u00c9tang des Cigales\" srcset=\"https:\/\/letangdescigales.com\/wp-content\/uploads\/2026\/04\/20260910-satcitananda-10-13-septembre-2026-01-728x1024.jpg 728w, https:\/\/letangdescigales.com\/wp-content\/uploads\/2026\/04\/20260910-satcitananda-10-13-septembre-2026-01-213x300.jpg 213w, https:\/\/letangdescigales.com\/wp-content\/uploads\/2026\/04\/20260910-satcitananda-10-13-septembre-2026-01-768x1080.jpg 768w, https:\/\/letangdescigales.com\/wp-content\/uploads\/2026\/04\/20260910-satcitananda-10-13-septembre-2026-01-1092x1536.jpg 1092w, https:\/\/letangdescigales.com\/wp-content\/uploads\/2026\/04\/20260910-satcitananda-10-13-septembre-2026-01.jpg 1170w\" sizes=\"(max-width: 728px) 100vw, 728px\" \/>\n            <\/div>\n        <\/div><div class=\"eael-entry-wrapper\"><header class=\"eael-entry-header\"><h2 class=\"eael-entry-title\"><a class=\"eael-grid-post-link\" href=\"https:\/\/letangdescigales.com\/?p=1284\" title=\"10 au 13 septembre &#8211; S\u00e9jour yoga en Provence \u00e0 l\u2019\u00c9tang des Cigales\">10 au 13 septembre &#8211; S\u00e9jour yoga en Provence \u00e0 l\u2019\u00c9tang des Cigales<\/a><\/h2><\/header><div class=\"eael-entry-content\">\n                        <div class=\"eael-grid-post-excerpt\"><p>10 au 13 septembre &#8211; S\u00e9jour yoga en Provence \u00e0...<\/p><a href=\"https:\/\/letangdescigales.com\/?p=1284\" class=\"eael-post-elements-readmore-btn\">Lire la suite<\/a><\/div>\n                    <\/div><\/div><\/div>\n        <\/div>\n    <\/article><\/div>\n            <div class=\"clearfix\"><\/div>\n        <\/div>\t\t\t\t<\/div>\n\t\t\t\t<\/div>\n\t\t\t\t\t<\/div>\n\t\t\t\t<\/div>\n\t\t\t\t<\/div>\n\t\t","protected":false},"excerpt":{"rendered":"<p>Agenda 17-19 Avril 2026 &#8211; Retraite Originelle : une retraite spirituelle f\u00e9minine \u00e0 L\u2019\u00c9tang des Cigales 17-19 Avril 2026 &#8211; Retraite Originelle : une retraite spirituelle&#8230; Lire la suite 22-25 Mai 2026 &#8211; Stage bien-\u00eatre \u00ab L\u2019esprit libre, corps l\u00e9ger \u00bb \u00e0 L\u2019\u00c9tang des Cigales 22-25 mai 2026 &#8211; Stage bien-\u00eatre \u00ab L\u2019esprit libre, corps&#8230; Lire la suite 8 au 12 juin &#8211; S\u00e9jour culinaire et bien-\u00eatre \u00e0 L\u2019\u00c9tang des Cigales 8 au 12 juin &#8211; S\u00e9jour culinaire et bien-\u00eatre \u00e0&#8230; Lire la suite 26 au 29 juin &#8211; Retraite Yoga d\u2019\u00e9t\u00e9 en Provence : Accueillir la lumi\u00e8re 26 au 29 juin &#8211; Retraite Yoga d\u2019\u00e9t\u00e9 en Provence&#8230; Lire la suite 12 au 14 juin &#8211; S\u00e9jour yoga bien-\u00eatre \u00e0 Uchaux en Provence 12 au 14 juin &#8211; S\u00e9jour yoga bien-\u00eatre \u00e0 Uchaux&#8230; Lire la suite<\/p>\n","protected":false},"author":1,"featured_media":0,"parent":0,"menu_order":0,"comment_status":"closed","ping_status":"closed","template":"","meta":{"footnotes":""},"class_list":["post-1022","page","type-page","status-publish","hentry"],"yoast_head":"<!-- This site is optimized with the Yoast SEO plugin v27.5 - https:\/\/yoast.com\/product\/yoast-seo-wordpress\/ -->\n<title>Agenda - l&#039;\u00c9tang des Cigales<\/title>\n<meta name=\"description\" content=\"R\u00e9servez votre s\u00e9jour en g\u00eete \u00e0 Uchaux au coeur de la r\u00e9gion Provence-Alpes-C\u00f4te d&#039;Azur et de sa nature luxuriante.\" \/>\n<meta name=\"robots\" content=\"index, follow, max-snippet:-1, max-image-preview:large, max-video-preview:-1\" \/>\n<link rel=\"canonical\" href=\"https:\/\/letangdescigales.com\/?page_id=1022\" \/>\n<meta property=\"og:locale\" content=\"fr_FR\" \/>\n<meta property=\"og:type\" content=\"article\" \/>\n<meta property=\"og:title\" content=\"Agenda - l&#039;\u00c9tang des Cigales\" \/>\n<meta property=\"og:description\" content=\"R\u00e9servez votre s\u00e9jour en g\u00eete \u00e0 Uchaux au coeur de la r\u00e9gion Provence-Alpes-C\u00f4te d&#039;Azur et de sa nature luxuriante.\" \/>\n<meta property=\"og:url\" content=\"https:\/\/letangdescigales.com\/?page_id=1022\" \/>\n<meta property=\"og:site_name\" content=\"l&#039;\u00c9tang des Cigales\" \/>\n<meta property=\"article:publisher\" content=\"https:\/\/www.facebook.com\/profile.php?id=100064292554455\" \/>\n<meta property=\"article:modified_time\" content=\"2026-02-11T17:04:08+00:00\" \/>\n<meta property=\"og:image\" content=\"https:\/\/letangdescigales.com\/wp-content\/uploads\/2026\/02\/etang-des-cigales-uchaux-retraite-originelle-jessica-ricotta-avril-2026.jpg\" \/>\n\t<meta property=\"og:image:width\" content=\"636\" \/>\n\t<meta property=\"og:image:height\" content=\"900\" \/>\n\t<meta property=\"og:image:type\" content=\"image\/jpeg\" \/>\n<script type=\"application\/ld+json\" class=\"yoast-schema-graph\">{\"@context\":\"https:\\\/\\\/schema.org\",\"@graph\":[{\"@type\":\"WebPage\",\"@id\":\"https:\\\/\\\/letangdescigales.com\\\/?page_id=1022\",\"url\":\"https:\\\/\\\/letangdescigales.com\\\/?page_id=1022\",\"name\":\"Agenda - l&#039;\u00c9tang des Cigales\",\"isPartOf\":{\"@id\":\"https:\\\/\\\/letangdescigales.com\\\/#website\"},\"primaryImageOfPage\":{\"@id\":\"https:\\\/\\\/letangdescigales.com\\\/?page_id=1022#primaryimage\"},\"image\":{\"@id\":\"https:\\\/\\\/letangdescigales.com\\\/?page_id=1022#primaryimage\"},\"thumbnailUrl\":\"https:\\\/\\\/letangdescigales.com\\\/wp-content\\\/uploads\\\/2026\\\/02\\\/etang-des-cigales-uchaux-retraite-originelle-jessica-ricotta-avril-2026.jpg\",\"datePublished\":\"2026-01-29T09:47:08+00:00\",\"dateModified\":\"2026-02-11T17:04:08+00:00\",\"description\":\"R\u00e9servez votre s\u00e9jour en g\u00eete \u00e0 Uchaux au coeur de la r\u00e9gion Provence-Alpes-C\u00f4te d'Azur et de sa nature luxuriante.\",\"breadcrumb\":{\"@id\":\"https:\\\/\\\/letangdescigales.com\\\/?page_id=1022#breadcrumb\"},\"inLanguage\":\"fr-FR\",\"potentialAction\":[{\"@type\":\"ReadAction\",\"target\":[\"https:\\\/\\\/letangdescigales.com\\\/?page_id=1022\"]}]},{\"@type\":\"ImageObject\",\"inLanguage\":\"fr-FR\",\"@id\":\"https:\\\/\\\/letangdescigales.com\\\/?page_id=1022#primaryimage\",\"url\":\"https:\\\/\\\/letangdescigales.com\\\/wp-content\\\/uploads\\\/2026\\\/02\\\/etang-des-cigales-uchaux-retraite-originelle-jessica-ricotta-avril-2026.jpg\",\"contentUrl\":\"https:\\\/\\\/letangdescigales.com\\\/wp-content\\\/uploads\\\/2026\\\/02\\\/etang-des-cigales-uchaux-retraite-originelle-jessica-ricotta-avril-2026.jpg\"},{\"@type\":\"BreadcrumbList\",\"@id\":\"https:\\\/\\\/letangdescigales.com\\\/?page_id=1022#breadcrumb\",\"itemListElement\":[{\"@type\":\"ListItem\",\"position\":1,\"name\":\"Accueil\",\"item\":\"https:\\\/\\\/letangdescigales.com\\\/\"},{\"@type\":\"ListItem\",\"position\":2,\"name\":\"Agenda\"}]},{\"@type\":\"WebSite\",\"@id\":\"https:\\\/\\\/letangdescigales.com\\\/#website\",\"url\":\"https:\\\/\\\/letangdescigales.com\\\/\",\"name\":\"L'\u00e9tang des cigales\",\"description\":\"Votre s\u00e9jour en g\u00eete \u00e0 Uchaux\",\"publisher\":{\"@id\":\"https:\\\/\\\/letangdescigales.com\\\/#organization\"},\"potentialAction\":[{\"@type\":\"SearchAction\",\"target\":{\"@type\":\"EntryPoint\",\"urlTemplate\":\"https:\\\/\\\/letangdescigales.com\\\/?s={search_term_string}\"},\"query-input\":{\"@type\":\"PropertyValueSpecification\",\"valueRequired\":true,\"valueName\":\"search_term_string\"}}],\"inLanguage\":\"fr-FR\"},{\"@type\":\"Organization\",\"@id\":\"https:\\\/\\\/letangdescigales.com\\\/#organization\",\"name\":\"L'\u00e9tang des cigales\",\"url\":\"https:\\\/\\\/letangdescigales.com\\\/\",\"logo\":{\"@type\":\"ImageObject\",\"inLanguage\":\"fr-FR\",\"@id\":\"https:\\\/\\\/letangdescigales.com\\\/#\\\/schema\\\/logo\\\/image\\\/\",\"url\":\"https:\\\/\\\/letangdescigales.com\\\/wp-content\\\/uploads\\\/2023\\\/04\\\/rond_couleur_etang_des_cigales.png\",\"contentUrl\":\"https:\\\/\\\/letangdescigales.com\\\/wp-content\\\/uploads\\\/2023\\\/04\\\/rond_couleur_etang_des_cigales.png\",\"width\":1150,\"height\":1218,\"caption\":\"L'\u00e9tang des cigales\"},\"image\":{\"@id\":\"https:\\\/\\\/letangdescigales.com\\\/#\\\/schema\\\/logo\\\/image\\\/\"},\"sameAs\":[\"https:\\\/\\\/www.facebook.com\\\/profile.php?id=100064292554455\"]}]}<\/script>\n<!-- \/ Yoast SEO plugin. -->","yoast_head_json":{"title":"Agenda - l&#039;\u00c9tang des Cigales","description":"R\u00e9servez votre s\u00e9jour en g\u00eete \u00e0 Uchaux au coeur de la r\u00e9gion Provence-Alpes-C\u00f4te d'Azur et de sa nature luxuriante.","robots":{"index":"index","follow":"follow","max-snippet":"max-snippet:-1","max-image-preview":"max-image-preview:large","max-video-preview":"max-video-preview:-1"},"canonical":"https:\/\/letangdescigales.com\/?page_id=1022","og_locale":"fr_FR","og_type":"article","og_title":"Agenda - l&#039;\u00c9tang des Cigales","og_description":"R\u00e9servez votre s\u00e9jour en g\u00eete \u00e0 Uchaux au coeur de la r\u00e9gion Provence-Alpes-C\u00f4te d'Azur et de sa nature luxuriante.","og_url":"https:\/\/letangdescigales.com\/?page_id=1022","og_site_name":"l&#039;\u00c9tang des Cigales","article_publisher":"https:\/\/www.facebook.com\/profile.php?id=100064292554455","article_modified_time":"2026-02-11T17:04:08+00:00","og_image":[{"width":636,"height":900,"url":"https:\/\/letangdescigales.com\/wp-content\/uploads\/2026\/02\/etang-des-cigales-uchaux-retraite-originelle-jessica-ricotta-avril-2026.jpg","type":"image\/jpeg"}],"schema":{"@context":"https:\/\/schema.org","@graph":[{"@type":"WebPage","@id":"https:\/\/letangdescigales.com\/?page_id=1022","url":"https:\/\/letangdescigales.com\/?page_id=1022","name":"Agenda - l&#039;\u00c9tang des Cigales","isPartOf":{"@id":"https:\/\/letangdescigales.com\/#website"},"primaryImageOfPage":{"@id":"https:\/\/letangdescigales.com\/?page_id=1022#primaryimage"},"image":{"@id":"https:\/\/letangdescigales.com\/?page_id=1022#primaryimage"},"thumbnailUrl":"https:\/\/letangdescigales.com\/wp-content\/uploads\/2026\/02\/etang-des-cigales-uchaux-retraite-originelle-jessica-ricotta-avril-2026.jpg","datePublished":"2026-01-29T09:47:08+00:00","dateModified":"2026-02-11T17:04:08+00:00","description":"R\u00e9servez votre s\u00e9jour en g\u00eete \u00e0 Uchaux au coeur de la r\u00e9gion Provence-Alpes-C\u00f4te d'Azur et de sa nature luxuriante.","breadcrumb":{"@id":"https:\/\/letangdescigales.com\/?page_id=1022#breadcrumb"},"inLanguage":"fr-FR","potentialAction":[{"@type":"ReadAction","target":["https:\/\/letangdescigales.com\/?page_id=1022"]}]},{"@type":"ImageObject","inLanguage":"fr-FR","@id":"https:\/\/letangdescigales.com\/?page_id=1022#primaryimage","url":"https:\/\/letangdescigales.com\/wp-content\/uploads\/2026\/02\/etang-des-cigales-uchaux-retraite-originelle-jessica-ricotta-avril-2026.jpg","contentUrl":"https:\/\/letangdescigales.com\/wp-content\/uploads\/2026\/02\/etang-des-cigales-uchaux-retraite-originelle-jessica-ricotta-avril-2026.jpg"},{"@type":"BreadcrumbList","@id":"https:\/\/letangdescigales.com\/?page_id=1022#breadcrumb","itemListElement":[{"@type":"ListItem","position":1,"name":"Accueil","item":"https:\/\/letangdescigales.com\/"},{"@type":"ListItem","position":2,"name":"Agenda"}]},{"@type":"WebSite","@id":"https:\/\/letangdescigales.com\/#website","url":"https:\/\/letangdescigales.com\/","name":"L'\u00e9tang des cigales","description":"Votre s\u00e9jour en g\u00eete \u00e0 Uchaux","publisher":{"@id":"https:\/\/letangdescigales.com\/#organization"},"potentialAction":[{"@type":"SearchAction","target":{"@type":"EntryPoint","urlTemplate":"https:\/\/letangdescigales.com\/?s={search_term_string}"},"query-input":{"@type":"PropertyValueSpecification","valueRequired":true,"valueName":"search_term_string"}}],"inLanguage":"fr-FR"},{"@type":"Organization","@id":"https:\/\/letangdescigales.com\/#organization","name":"L'\u00e9tang des cigales","url":"https:\/\/letangdescigales.com\/","logo":{"@type":"ImageObject","inLanguage":"fr-FR","@id":"https:\/\/letangdescigales.com\/#\/schema\/logo\/image\/","url":"https:\/\/letangdescigales.com\/wp-content\/uploads\/2023\/04\/rond_couleur_etang_des_cigales.png","contentUrl":"https:\/\/letangdescigales.com\/wp-content\/uploads\/2023\/04\/rond_couleur_etang_des_cigales.png","width":1150,"height":1218,"caption":"L'\u00e9tang des cigales"},"image":{"@id":"https:\/\/letangdescigales.com\/#\/schema\/logo\/image\/"},"sameAs":["https:\/\/www.facebook.com\/profile.php?id=100064292554455"]}]}},"_links":{"self":[{"href":"https:\/\/letangdescigales.com\/index.php?rest_route=\/wp\/v2\/pages\/1022","targetHints":{"allow":["GET"]}}],"collection":[{"href":"https:\/\/letangdescigales.com\/index.php?rest_route=\/wp\/v2\/pages"}],"about":[{"href":"https:\/\/letangdescigales.com\/index.php?rest_route=\/wp\/v2\/types\/page"}],"author":[{"embeddable":true,"href":"https:\/\/letangdescigales.com\/index.php?rest_route=\/wp\/v2\/users\/1"}],"replies":[{"embeddable":true,"href":"https:\/\/letangdescigales.com\/index.php?rest_route=%2Fwp%2Fv2%2Fcomments&post=1022"}],"version-history":[{"count":33,"href":"https:\/\/letangdescigales.com\/index.php?rest_route=\/wp\/v2\/pages\/1022\/revisions"}],"predecessor-version":[{"id":1210,"href":"https:\/\/letangdescigales.com\/index.php?rest_route=\/wp\/v2\/pages\/1022\/revisions\/1210"}],"wp:attachment":[{"href":"https:\/\/letangdescigales.com\/index.php?rest_route=%2Fwp%2Fv2%2Fmedia&parent=1022"}],"curies":[{"name":"wp","href":"https:\/\/api.w.org\/{rel}","templated":true}]}}